{"id":190,"date":"2021-11-04T10:21:43","date_gmt":"2021-11-04T09:21:43","guid":{"rendered":"http:\/\/technorma.free.fr\/w\/?page_id=190"},"modified":"2021-11-04T10:21:43","modified_gmt":"2021-11-04T09:21:43","slug":"langue-et-culture-regionale","status":"publish","type":"page","link":"https:\/\/www.college-poincare-saverne.fr\/?page_id=190","title":{"rendered":"-Langue et culture r\u00e9gionale"},"content":{"rendered":"\n<p>Le coll\u00e8ge Poincar\u00e9 propose depuis plusieurs ann\u00e9es l&rsquo;enseignement de la LCR, langue et culture r\u00e9gionale \u00e0 raison d&rsquo;une heure par semaine d\u00e8s l\u2019ann\u00e9e de 5\u00e8me et jusqu&rsquo;en 3\u00e8me.<\/p>\n\n\n\n<p>Les \u00e9l\u00e8ves qui s&rsquo;y inscrivent sont motiv\u00e9s et int\u00e9ress\u00e9s.<\/p>\n\n\n\n<p>Ainsi ils sont au nombre de 14 en 4\u00e8me, 21 en 3\u00e8me et 16 en 5\u00e8me.<\/p>\n\n\n\n<p><\/p>\n\n\n\n<div class=\"wp-block-image\"><figure class=\"aligncenter size-full\"><img loading=\"lazy\" decoding=\"async\" width=\"486\" height=\"500\" src=\"https:\/\/www.college-poincare-saverne.fr\/wp-content\/uploads\/2022\/01\/title-1624391461-1-1.jpg\" alt=\"\" class=\"wp-image-375\" srcset=\"https:\/\/www.college-poincare-saverne.fr\/wp-content\/uploads\/2022\/01\/title-1624391461-1-1.jpg 486w, https:\/\/www.college-poincare-saverne.fr\/wp-content\/uploads\/2022\/01\/title-1624391461-1-1-292x300.jpg 292w, https:\/\/www.college-poincare-saverne.fr\/wp-content\/uploads\/2022\/01\/title-1624391461-1-1-40x40.jpg 40w\" sizes=\"auto, (max-width: 486px) 100vw, 486px\" \/><\/figure><\/div>\n\n\n\n<p>Pour rendre cet enseignement attractif, des activit\u00e9s ludiques sont propos\u00e9es aux \u00e9l\u00e8ves, adapt\u00e9s \u00e0 leur niveau. Nous essayons \u00e9galement de transmettre l&rsquo;histoire de l&rsquo;Alsace, les traditions, les costumes et leur origine et les coutumes pour chaque grand moment de l&rsquo;ann\u00e9e&nbsp;:<\/p>\n\n\n\n<ul class=\"wp-block-list\"><li>No\u00ebl avec les recettes de Bredele mais aussi l&rsquo;histoire du Hans Trapp et du Christkindel<\/li><li>Le nouvel An avec la l\u00e9gende de la Bratschdal sucr\u00e9e<\/li><li>Carnaval avec les Schlaraffe et les Fasenachtskrappfe<\/li><li>P\u00e2ques avec l&rsquo;histoire du Oschderhaas<\/li><li>le feu de la St Jean avec le Kansdifir et les Kansdif\u00e9jl\u00e8l\u00e8<\/li><\/ul>\n\n\n\n<p>Sans oublier le lexique du quotidien ainsi que les expressions alsaciennes. Des grands auteurs comme Tomi Ungerer, Simone Morgenthaler ne sauraient \u00eatre oubli\u00e9s.<\/p>\n\n\n\n<p>Se familiariser avec la langue \u00e0 travers des chansons de Serge Rieger, le concours d&rsquo; Stimme organis\u00e9 par l&rsquo;OLCA, Nicolas Fischer et son Liederbrunne et bien d&rsquo;autres encore qui embellissent ce large r\u00e9pertoire.<\/p>\n\n\n\n<p>Dans ce cadre optionnel d\u00e9contract\u00e9 les \u00e9l\u00e8ves ont la possibilit\u00e9 de se lancer dans des r\u00e9alisations innovantes comme la revisite des costumes traditionnels, la r\u00e9daction d\u2019un magazine sur les bredele, la customisation de t-shirt avec un logo alsacien, ainsi que le d\u00e9tournement d\u2019une chanson de leur choix en la basant sur un contexte alsacien.<\/p>\n\n\n\n<p>Mais l&rsquo;alsacien se rapproche aussi de l&rsquo;allemand, il est donc int\u00e9ressant pour les \u00e9l\u00e8ves de d\u00e9couvrir les ressemblances et les divergences des deux langues.<\/p>\n\n\n\n<p>Cet enseignement est enrichissant pour l&rsquo;\u00e9l\u00e8ve parce qu&rsquo;il en d\u00e9couvre ses particularit\u00e9s ainsi que le jeu de la langue qui ne peut souvent pas se traduire dans une autre langue&nbsp;!!<\/p>\n\n\n\n<p>les professeurs LCR<\/p>\n\n\n\n<p><\/p>\n\n\n\n<figure class=\"wp-block-image size-large\"><img loading=\"lazy\" decoding=\"async\" width=\"1024\" height=\"819\" src=\"https:\/\/www.college-poincare-saverne.fr\/wp-content\/uploads\/2022\/01\/Logo-alsace-1-1024x819.png\" alt=\"\" class=\"wp-image-376\" srcset=\"https:\/\/www.college-poincare-saverne.fr\/wp-content\/uploads\/2022\/01\/Logo-alsace-1-1024x819.png 1024w, https:\/\/www.college-poincare-saverne.fr\/wp-content\/uploads\/2022\/01\/Logo-alsace-1-300x240.png 300w, https:\/\/www.college-poincare-saverne.fr\/wp-content\/uploads\/2022\/01\/Logo-alsace-1-768x614.png 768w, https:\/\/www.college-poincare-saverne.fr\/wp-content\/uploads\/2022\/01\/Logo-alsace-1-1536x1229.png 1536w, https:\/\/www.college-poincare-saverne.fr\/wp-content\/uploads\/2022\/01\/Logo-alsace-1.png 1600w\" sizes=\"auto, (max-width: 1024px) 100vw, 1024px\" \/><\/figure>\n","protected":false},"excerpt":{"rendered":"<p>Le coll\u00e8ge Poincar\u00e9 propose depuis plusieurs ann\u00e9es l&rsquo;enseignement de la LCR, langue et culture r\u00e9gionale \u00e0 raison d&rsquo;une heure par semaine d\u00e8s l\u2019ann\u00e9e de 5\u00e8me et jusqu&rsquo;en 3\u00e8me. Les \u00e9l\u00e8ves qui s&rsquo;y inscrivent sont motiv\u00e9s et int\u00e9ress\u00e9s. Ainsi ils sont au nombre de 14 en 4\u00e8me, 21 en 3\u00e8me et 16 en 5\u00e8me. Pour rendre <a class=\"more-link\" href=\"https:\/\/www.college-poincare-saverne.fr\/?page_id=190\">Lire plus &#8230;<\/a><\/p>\n","protected":false},"author":1,"featured_media":0,"parent":0,"menu_order":0,"comment_status":"closed","ping_status":"closed","template":"","meta":{"footnotes":""},"class_list":["post-190","page","type-page","status-publish","hentry"],"_links":{"self":[{"href":"https:\/\/www.college-poincare-saverne.fr\/index.php?rest_route=\/wp\/v2\/pages\/190","targetHints":{"allow":["GET"]}}],"collection":[{"href":"https:\/\/www.college-poincare-saverne.fr\/index.php?rest_route=\/wp\/v2\/pages"}],"about":[{"href":"https:\/\/www.college-poincare-saverne.fr\/index.php?rest_route=\/wp\/v2\/types\/page"}],"author":[{"embeddable":true,"href":"https:\/\/www.college-poincare-saverne.fr\/index.php?rest_route=\/wp\/v2\/users\/1"}],"replies":[{"embeddable":true,"href":"https:\/\/www.college-poincare-saverne.fr\/index.php?rest_route=%2Fwp%2Fv2%2Fcomments&post=190"}],"version-history":[{"count":0,"href":"https:\/\/www.college-poincare-saverne.fr\/index.php?rest_route=\/wp\/v2\/pages\/190\/revisions"}],"wp:attachment":[{"href":"https:\/\/www.college-poincare-saverne.fr\/index.php?rest_route=%2Fwp%2Fv2%2Fmedia&parent=190"}],"curies":[{"name":"wp","href":"https:\/\/api.w.org\/{rel}","templated":true}]}}